{"id":46,"date":"2022-08-03T14:27:43","date_gmt":"2022-08-03T14:27:43","guid":{"rendered":"https:\/\/minfoss-lev.de\/?page_id=46"},"modified":"2026-03-04T08:57:28","modified_gmt":"2026-03-04T08:57:28","slug":"vereinstreffen","status":"publish","type":"page","link":"https:\/\/minfoss-lev.de\/?page_id=46","title":{"rendered":"Vereinstreffen"},"content":{"rendered":"\n    \n    <section class=\"u-clearfix u-grey-10 u-section-2\" id=\"sec-b9a0\">\n      <div class=\"u-align-left u-clearfix u-sheet u-valign-middle-xl u-sheet-1\">\n        <div class=\"u-container-style u-expanded-width u-group u-white u-group-1\">\n          <div class=\"u-container-layout u-container-layout-1\">\n            <h3 class=\"u-custom-font u-font-arial u-text u-text-1\">Vereinstreffen 2026<\/h3>\n            <div class=\"u-table u-table-responsive u-table-1\">\n              <table class=\"u-table-entity\">\n                <colgroup>\n                  <col width=\"17.7%\">\n                  <col width=\"13.1%\">\n                  <col width=\"69.2%\">\n                <\/colgroup>\n                <thead class=\"u-custom-font u-font-arial u-grey-75 u-table-header u-table-header-1\">\n                  <tr style=\"height: 46px;\">\n                    <th class=\"u-border-1 u-border-grey-dark-1 u-table-cell\">Termin<\/th>\n                    <th class=\"u-border-1 u-border-grey-dark-1 u-table-cell\">Uhrzeit<\/th>\n                    <th class=\"u-border-1 u-border-grey-dark-1 u-table-cell\">Programm<\/th>\n                  <\/tr>\n                <\/thead>\n                <tbody class=\"u-custom-font u-font-arial u-table-body u-table-body-1\">\n                  <tr style=\"height: 46px;\">\n                    <td class=\"u-align-center u-border-1 u-border-grey-dark-1 u-table-cell\">Mi, 7. Jan<\/td>\n                    <td class=\"u-align-center u-border-1 u-border-grey-dark-1 u-table-cell\"> Ab 14:00<\/td>\n                    <td class=\"u-border-1 u-border-grey-dark-1 u-table-cell u-table-cell-6\"><span style=\"font-weight: 700; font-size: 1.125rem;\"> Pr\u00e4parieren und Bestimmen<\/span>&nbsp;<br>\n                    <\/td>\n                  <\/tr>\n                  <tr style=\"height: 46px;\">\n                    <td class=\"u-align-center u-border-1 u-border-grey-dark-1 u-table-cell\"> Mi, 14. Jan<\/td>\n                    <td class=\"u-align-center u-border-1 u-border-grey-dark-1 u-table-cell\"> Ab 14:00<\/td>\n                    <td class=\"u-border-1 u-border-grey-dark-1 u-table-cell u-table-cell-9\"> Pr\u00e4parieren und Bestimmen&nbsp;<br><span style=\"font-weight: 400; font-size: 1rem;\">Danach Vortrag<\/span>\n                    <\/td>\n                  <\/tr>\n                  <tr style=\"height: 25px;\">\n                    <td class=\"u-align-center u-border-1 u-border-grey-dark-1 u-table-cell\"> Mi, 4. Feb<\/td>\n                    <td class=\"u-align-center u-border-1 u-border-grey-dark-1 u-table-cell\"> Ab 14:00&nbsp;&nbsp;<\/td>\n                    <td class=\"u-border-1 u-border-grey-dark-1 u-table-cell u-table-cell-12\"> Pr\u00e4parieren und Bestimmen&nbsp;<br>\n                    <\/td>\n                  <\/tr>\n                  <tr style=\"height: 58px;\">\n                    <td class=\"u-align-center u-border-1 u-border-grey-dark-1 u-table-cell\"> Mi, 11. Feb<\/td>\n                    <td class=\"u-align-center u-border-1 u-border-grey-dark-1 u-table-cell\">Ab 14:00<\/td>\n                    <td class=\"u-border-1 u-border-grey-dark-1 u-table-cell u-table-cell-15\"> Pr\u00e4parieren und Bestimmen&nbsp;<br><span style=\"font-weight: 400;\">Ab 18:00 Exkursionsplanung, Erfahrungsaustausch und W\u00fcnsche<\/span>\n                    <\/td>\n                  <\/tr>\n                  <tr style=\"height: 32px;\">\n                    <td class=\"u-align-center u-border-1 u-border-grey-dark-1 u-table-cell\"> Mi, 4. M\u00e4r.<\/td>\n                    <td class=\"u-align-center u-border-1 u-border-grey-dark-1 u-table-cell\"> Ab 14:00 <\/td>\n                    <td class=\"u-border-1 u-border-grey-dark-1 u-table-cell u-table-cell-18\"> Pr\u00e4parieren und Bestimmen&nbsp;<br>\n                    <\/td>\n                  <\/tr>\n                  <tr style=\"height: 50px;\">\n                    <td class=\"u-align-center u-border-1 u-border-grey-dark-1 u-table-cell\"> Mi, 11. M\u00e4r.<\/td>\n                    <td class=\"u-align-center u-border-1 u-border-grey-dark-1 u-table-cell\"> Ab 14:00 <\/td>\n                    <td class=\"u-border-1 u-border-grey-dark-1 u-table-cell u-table-cell-21\"> Pr\u00e4parieren und Bestimmen<br>\n                    <\/td>\n                  <\/tr>\n                  <tr style=\"height: 50px;\">\n                    <td class=\"u-align-center u-border-1 u-border-grey-dark-1 u-table-cell\"> Mi, 8. Apr.<\/td>\n                    <td class=\"u-align-center u-border-1 u-border-grey-dark-1 u-table-cell\"> Ab 14:00 <\/td>\n                    <td class=\"u-border-1 u-border-grey-dark-1 u-table-cell u-table-cell-24\"> Pr\u00e4parieren und Bestimmen&nbsp;<br>\n                    <\/td>\n                  <\/tr>\n                  <tr style=\"height: 50px;\">\n                    <td class=\"u-align-center u-border-1 u-border-grey-dark-1 u-table-cell\"> Mi, 15. Apr.<\/td>\n                    <td class=\"u-align-center u-border-1 u-border-grey-dark-1 u-table-cell\">18:00<\/td>\n                    <td class=\"u-border-1 u-border-grey-dark-1 u-table-cell u-table-cell-27\">Mitgliederversammlung<\/td>\n                  <\/tr>\n                  <tr style=\"height: 51px;\">\n                    <td class=\"u-align-center u-border-1 u-border-grey-dark-1 u-table-cell\"> Mi, 6. Mai<\/td>\n                    <td class=\"u-align-center u-border-1 u-border-grey-dark-1 u-table-cell\">Ab 14:00 <\/td>\n                    <td class=\"u-border-1 u-border-grey-dark-1 u-table-cell u-table-cell-30\"> Pr\u00e4parieren und Bestimmen<\/td>\n                  <\/tr>\n                  <tr style=\"height: 28px;\">\n                    <td class=\"u-align-center u-border-1 u-border-grey-dark-1 u-table-cell\"> Mi, 13. Mai<\/td>\n                    <td class=\"u-align-center u-border-1 u-border-grey-dark-1 u-table-cell\">Ab 14:00 <\/td>\n                    <td class=\"u-border-1 u-border-grey-dark-1 u-table-cell u-table-cell-33\"> Pr\u00e4parieren und Bestimmen<br><span style=\"font-weight: 400; font-size: 1rem;\"> Danach Vortrag<\/span>\n                    <\/td>\n                  <\/tr>\n                  <tr style=\"height: 50px;\">\n                    <td class=\"u-align-center u-border-1 u-border-grey-dark-1 u-table-cell\">Mi, 3. Jun.<\/td>\n                    <td class=\"u-align-center u-border-1 u-border-grey-dark-1 u-table-cell\">Ab 14:00 <\/td>\n                    <td class=\"u-border-1 u-border-grey-dark-1 u-table-cell u-table-cell-36\"> Pr\u00e4parieren und Bestimmen<\/td>\n                  <\/tr>\n                  <tr style=\"height: 50px;\">\n                    <td class=\"u-align-center u-border-1 u-border-grey-dark-1 u-table-cell\"> Mi, 10. Jun.<\/td>\n                    <td class=\"u-align-center u-border-1 u-border-grey-dark-1 u-table-cell\">Ab 14:00<\/td>\n                    <td class=\"u-border-1 u-border-grey-dark-1 u-table-cell u-table-cell-39\"> Pr\u00e4parieren und Bestimmen<br>\n                    <\/td>\n                  <\/tr>\n                <\/tbody>\n              <\/table>\n            <\/div>\n            <h4 class=\"u-custom-font u-font-arial u-text u-text-2\">\n              <br>Alle Besuche&nbsp;von Pr\u00e4parationsnachmittagen und Vereinsabenden sowie&nbsp;Teilnahmen&nbsp;an Exkursionen sind vorher rechtzeitig&nbsp;bei Carlo Herd&nbsp;anzumelden.&nbsp;<br>\n              <br>\n              <br>Die Mineraliengruppe und\ndie Gruppe Micromounter treffen sich nach <b>vorheriger Vereinbarung<\/b>&nbsp;am ersten Mittwoch\nim Monat um 18:00 Uhr im Vereinsheim.<br>&nbsp;<br>Neben der Begutachtung und Bestimmung der aktuellen Funde gibt es ein umfangreiches Vortragsprogramm.&nbsp;Dazu geh\u00f6ren Vortr\u00e4ge von Vereinsmitgliedern,&nbsp;aber auch von externen Hobbysammlern&nbsp;oder&nbsp;Experten&nbsp;aus Universit\u00e4ten&nbsp;und Forschungsinstituten, die in diesem Rahmen ihre Funde bzw. Ergebnisse vorstellen.<br>\n              <br>Die Mineraliensammler&nbsp;verf\u00fcgen&nbsp;des weiteren \u00fcber&nbsp;eine sehr gute Mikroskopie- und Fotografie-Ausr\u00fcstung. \n            <\/h4>\n          <\/div>\n        <\/div>\n      <\/div>\n    <\/section>\n    \n    \n    \n    \n  \n","protected":false},"excerpt":{"rendered":"<p>Vereinstreffen 2026 Termin Uhrzeit Programm Mi, 7. Jan Ab 14:00 Pr\u00e4parieren und Bestimmen&nbsp; Mi, 14. Jan Ab 14:00 Pr\u00e4parieren und Bestimmen&nbsp;Danach Vortrag Mi, 4. Feb Ab 14:00&nbsp;&nbsp; Pr\u00e4parieren und Bestimmen&nbsp; Mi, 11. Feb Ab 14:00 Pr\u00e4parieren und Bestimmen&nbsp;Ab 18:00 Exkursionsplanung, Erfahrungsaustausch und W\u00fcnsche Mi, 4. M\u00e4r. Ab 14:00 Pr\u00e4parieren und Bestimmen&nbsp; Mi, 11. M\u00e4r. Ab &hellip; <a href=\"https:\/\/minfoss-lev.de\/?page_id=46\" class=\"more-link\">Continue reading<span class=\"screen-reader-text\"> &#8222;Vereinstreffen&#8220;<\/span><\/a><\/p>\n","protected":false},"author":1,"featured_media":0,"parent":0,"menu_order":17,"comment_status":"closed","ping_status":"closed","template":"","meta":{"footnotes":""},"class_list":["post-46","page","type-page","status-publish","hentry"],"_links":{"self":[{"href":"https:\/\/minfoss-lev.de\/index.php?rest_route=\/wp\/v2\/pages\/46","targetHints":{"allow":["GET"]}}],"collection":[{"href":"https:\/\/minfoss-lev.de\/index.php?rest_route=\/wp\/v2\/pages"}],"about":[{"href":"https:\/\/minfoss-lev.de\/index.php?rest_route=\/wp\/v2\/types\/page"}],"author":[{"embeddable":true,"href":"https:\/\/minfoss-lev.de\/index.php?rest_route=\/wp\/v2\/users\/1"}],"replies":[{"embeddable":true,"href":"https:\/\/minfoss-lev.de\/index.php?rest_route=%2Fwp%2Fv2%2Fcomments&post=46"}],"version-history":[{"count":28,"href":"https:\/\/minfoss-lev.de\/index.php?rest_route=\/wp\/v2\/pages\/46\/revisions"}],"predecessor-version":[{"id":283,"href":"https:\/\/minfoss-lev.de\/index.php?rest_route=\/wp\/v2\/pages\/46\/revisions\/283"}],"wp:attachment":[{"href":"https:\/\/minfoss-lev.de\/index.php?rest_route=%2Fwp%2Fv2%2Fmedia&parent=46"}],"curies":[{"name":"wp","href":"https:\/\/api.w.org\/{rel}","templated":true}]}}